{"id":33,"date":"2022-08-04T10:24:33","date_gmt":"2022-08-04T10:24:33","guid":{"rendered":"http:\/\/padelakustik2022.test\/?page_id=33"},"modified":"2023-02-23T10:14:56","modified_gmt":"2023-02-23T10:14:56","slug":"om-oss","status":"publish","type":"page","link":"https:\/\/padelacoustics.com\/no\/om-oss\/","title":{"rendered":"Om oss"},"content":{"rendered":"<div \n    class=\"align wp-block-two-columns py-12\">\n    <div class=\"overflow-hidden\">\n        <div\n            class=\" border-none  relative mx-auto max-w-7xl px-4 py-6 sm:px-6 lg:px-8\">\n                            <div class=\"mx-auto text-base\">\n                    <h2\n                        class=\"mt-2 text-3xl font-extrabold leading-8 tracking-tight text-gray-900 sm:text-4xl\">\n                        Det er vi som driver Padelakustik!\n                        <\/h2>\n                <\/div>\n                        <div class=\"mt-4 flex items-baseline justify-start gap-6\">\n                \n                            <\/div>\n            <div class=\"mt-4 lg:grid lg:grid-cols-2 lg:gap-16\">\n                <div class=\"relative lg:col-start-2 lg:row-start-1\">\n                    <div class=\"relative mx-auto max-w-prose lg:max-w-none\">\n                        <div class=\"container\">\n                                                    <\/div>\n                    <\/div>\n                <\/div>\n                <div class=\"mt-8 lg:mt-0\">\n                    <div class=\"mx-auto max-w-prose text-base lg:max-w-none\">\n                                                                                                                        <div\n                                        class=\"prose mx-auto mt-5 text-gray-500 lg:col-start-1 lg:row-start-1 lg:max-w-none\">\n                                        <span class=\"wysiwyg-text\"><p>Padelakustik er en markedsledende bedrift som ligger i J\u00f6nk\u00f6ping og spesialiserer seg p\u00e5 stilrene akustikkl\u00f8sninger for alle typer milj\u00f8er. Vi har mange \u00e5rs erfaring med studiobygging og lyddemping i st\u00f8rre arrangementslokaler, og arbeider n\u00e5 100 % med \u00e5 forbedre lydmilj\u00f8et i padel- og idrettshaller.<\/p>\n<\/span>\n                                    <\/div>\n                                                                                                                                <div\n                                        class=\"prose mx-auto mt-5 text-gray-500 lg:col-start-1 lg:row-start-1 lg:max-w-none\">\n                                        <span class=\"wysiwyg-text\"><p>Vi prosjekterer, leverer og monterer i hele Europa, og har dempet lyden i 100+ padelhaller. Fra Haparanda i Nord-Sverige til Madrid i Spania \u2013 ingen prosjekter er for store eller for sm\u00e5!<\/p>\n<\/span>\n                                    <\/div>\n                                                                                                                                <div\n                                        class=\"prose mx-auto mt-5 text-gray-500 lg:col-start-1 lg:row-start-1 lg:max-w-none\">\n                                        <span class=\"wysiwyg-text\"><p>Styrken v\u00e5r ligger i \u00e5 prosjektlede og hjelpe deg som kunde med \u00e5 investere i riktige akustikkl\u00f8sninger i forhold til budsjett, behov og lokale. Vi er med deg fra start til ferdig resultat for \u00e5 skape trygghet, og leverer produkter helt uten mellomledd.<\/p>\n<\/span>\n                                    <\/div>\n                                                                                                                                <div\n                                        class=\"prose mx-auto mt-5 text-gray-500 lg:col-start-1 lg:row-start-1 lg:max-w-none\">\n                                        <span class=\"wysiwyg-text\"><p>En viktig komponent i bedriftsutviklingen v\u00e5r er b\u00e6rekraft, hvor vi stadig leter etter produkter med lavere klimaavtrykk. Flere av de akustiske stoffene v\u00e5re er GRS-sertifiserte og laget av resirkulert materiale. De akustiske stoffene v\u00e5re er ogs\u00e5 testet i laboratorium av eksperter i henhold til ISO 354 og ISO 11654 for \u00e5 sikre kvaliteten i forhold til demping av etterklang og ekko.<\/p>\n<\/span>\n                                    <\/div>\n                                                                                                                                <div\n                                        class=\"prose mx-auto mt-5 text-gray-500 lg:col-start-1 lg:row-start-1 lg:max-w-none\">\n                                        <span class=\"wysiwyg-text\"><p>Bedriften eies og drives av Filip Jenv\u00e9n og M\u00e5ns Brorsson.<\/p>\n<\/span>\n                                    <\/div>\n                                                                                                        <\/div>\n                <\/div>\n            <\/div>\n        <\/div>\n    <\/div>\n<\/div>\n","protected":false},"excerpt":{"rendered":"","protected":false},"author":1,"featured_media":0,"parent":0,"menu_order":0,"comment_status":"closed","ping_status":"closed","template":"","meta":{"_acf_changed":false,"footnotes":""},"class_list":["post-33","page","type-page","status-publish","hentry"],"acf":[],"yoast_head":"<!-- This site is optimized with the Yoast SEO plugin v25.1 - https:\/\/yoast.com\/wordpress\/plugins\/seo\/ -->\n<title>Om oss - Padelakustik<\/title>\n<meta name=\"robots\" content=\"index, follow, max-snippet:-1, max-image-preview:large, max-video-preview:-1\" \/>\n<link rel=\"canonical\" href=\"https:\/\/padelacoustics.com\/no\/om-oss\/\" \/>\n<meta property=\"og:locale\" content=\"en_US\" \/>\n<meta property=\"og:type\" content=\"article\" \/>\n<meta property=\"og:title\" content=\"Om oss - Padelakustik\" \/>\n<meta property=\"og:url\" content=\"https:\/\/padelacoustics.com\/no\/om-oss\/\" \/>\n<meta property=\"og:site_name\" content=\"Padelakustik\" \/>\n<meta property=\"article:modified_time\" content=\"2023-02-23T10:14:56+00:00\" \/>\n<meta name=\"twitter:card\" content=\"summary_large_image\" \/>\n<script type=\"application\/ld+json\" class=\"yoast-schema-graph\">{\"@context\":\"https:\/\/schema.org\",\"@graph\":[{\"@type\":\"WebPage\",\"@id\":\"https:\/\/padelacoustics.com\/no\/om-oss\/\",\"url\":\"https:\/\/padelacoustics.com\/no\/om-oss\/\",\"name\":\"Om oss - Padelakustik\",\"isPartOf\":{\"@id\":\"https:\/\/padelacoustics.com\/no\/#website\"},\"datePublished\":\"2022-08-04T10:24:33+00:00\",\"dateModified\":\"2023-02-23T10:14:56+00:00\",\"breadcrumb\":{\"@id\":\"https:\/\/padelacoustics.com\/no\/om-oss\/#breadcrumb\"},\"inLanguage\":\"en-US\",\"potentialAction\":[{\"@type\":\"ReadAction\",\"target\":[\"https:\/\/padelacoustics.com\/no\/om-oss\/\"]}]},{\"@type\":\"BreadcrumbList\",\"@id\":\"https:\/\/padelacoustics.com\/no\/om-oss\/#breadcrumb\",\"itemListElement\":[{\"@type\":\"ListItem\",\"position\":1,\"name\":\"Home\",\"item\":\"https:\/\/padelacoustics.com\/no\/\"},{\"@type\":\"ListItem\",\"position\":2,\"name\":\"Om oss\"}]},{\"@type\":\"WebSite\",\"@id\":\"https:\/\/padelacoustics.com\/no\/#website\",\"url\":\"https:\/\/padelacoustics.com\/no\/\",\"name\":\"Padelakustik\",\"description\":\"Akustiske l\u00f8sninger for padellhallen din\",\"potentialAction\":[{\"@type\":\"SearchAction\",\"target\":{\"@type\":\"EntryPoint\",\"urlTemplate\":\"https:\/\/padelacoustics.com\/no\/?s={search_term_string}\"},\"query-input\":{\"@type\":\"PropertyValueSpecification\",\"valueRequired\":true,\"valueName\":\"search_term_string\"}}],\"inLanguage\":\"en-US\"}]}<\/script>\n<!-- \/ Yoast SEO plugin. -->","yoast_head_json":{"title":"Om oss - Padelakustik","robots":{"index":"index","follow":"follow","max-snippet":"max-snippet:-1","max-image-preview":"max-image-preview:large","max-video-preview":"max-video-preview:-1"},"canonical":"https:\/\/padelacoustics.com\/no\/om-oss\/","og_locale":"en_US","og_type":"article","og_title":"Om oss - Padelakustik","og_url":"https:\/\/padelacoustics.com\/no\/om-oss\/","og_site_name":"Padelakustik","article_modified_time":"2023-02-23T10:14:56+00:00","twitter_card":"summary_large_image","schema":{"@context":"https:\/\/schema.org","@graph":[{"@type":"WebPage","@id":"https:\/\/padelacoustics.com\/no\/om-oss\/","url":"https:\/\/padelacoustics.com\/no\/om-oss\/","name":"Om oss - Padelakustik","isPartOf":{"@id":"https:\/\/padelacoustics.com\/no\/#website"},"datePublished":"2022-08-04T10:24:33+00:00","dateModified":"2023-02-23T10:14:56+00:00","breadcrumb":{"@id":"https:\/\/padelacoustics.com\/no\/om-oss\/#breadcrumb"},"inLanguage":"en-US","potentialAction":[{"@type":"ReadAction","target":["https:\/\/padelacoustics.com\/no\/om-oss\/"]}]},{"@type":"BreadcrumbList","@id":"https:\/\/padelacoustics.com\/no\/om-oss\/#breadcrumb","itemListElement":[{"@type":"ListItem","position":1,"name":"Home","item":"https:\/\/padelacoustics.com\/no\/"},{"@type":"ListItem","position":2,"name":"Om oss"}]},{"@type":"WebSite","@id":"https:\/\/padelacoustics.com\/no\/#website","url":"https:\/\/padelacoustics.com\/no\/","name":"Padelakustik","description":"Akustiske l\u00f8sninger for padellhallen din","potentialAction":[{"@type":"SearchAction","target":{"@type":"EntryPoint","urlTemplate":"https:\/\/padelacoustics.com\/no\/?s={search_term_string}"},"query-input":{"@type":"PropertyValueSpecification","valueRequired":true,"valueName":"search_term_string"}}],"inLanguage":"en-US"}]}},"_links":{"self":[{"href":"https:\/\/padelacoustics.com\/no\/wp-json\/wp\/v2\/pages\/33","targetHints":{"allow":["GET"]}}],"collection":[{"href":"https:\/\/padelacoustics.com\/no\/wp-json\/wp\/v2\/pages"}],"about":[{"href":"https:\/\/padelacoustics.com\/no\/wp-json\/wp\/v2\/types\/page"}],"author":[{"embeddable":true,"href":"https:\/\/padelacoustics.com\/no\/wp-json\/wp\/v2\/users\/1"}],"replies":[{"embeddable":true,"href":"https:\/\/padelacoustics.com\/no\/wp-json\/wp\/v2\/comments?post=33"}],"version-history":[{"count":21,"href":"https:\/\/padelacoustics.com\/no\/wp-json\/wp\/v2\/pages\/33\/revisions"}],"predecessor-version":[{"id":775,"href":"https:\/\/padelacoustics.com\/no\/wp-json\/wp\/v2\/pages\/33\/revisions\/775"}],"wp:attachment":[{"href":"https:\/\/padelacoustics.com\/no\/wp-json\/wp\/v2\/media?parent=33"}],"curies":[{"name":"wp","href":"https:\/\/api.w.org\/{rel}","templated":true}]}}